{"id":145,"date":"2022-02-16T11:55:45","date_gmt":"2022-02-16T11:55:45","guid":{"rendered":"https:\/\/www.costazzurraresidence.it\/?page_id=145"},"modified":"2023-04-25T05:39:54","modified_gmt":"2023-04-25T05:39:54","slug":"datenschutz-bestimmungen","status":"publish","type":"page","link":"https:\/\/www.costazzurraresidence.it\/de\/privacy-policy\/","title":{"rendered":"Datenschutzbestimmungen"},"content":{"rendered":"<p>Diese Anwendung sammelt einige pers\u00f6nliche Daten ihrer Nutzer.<\/p>\n\n\n\n<p>Dieses Dokument kann \u00fcber den Druckbefehl in den Einstellungen eines jeden Browsers ausgedruckt werden.<\/p>\n\n\n\n<h2 class=\"wp-block-heading\" id=\"owner_of_the_data\">Datenkontrolleur<\/h2>\n\n\n\n<p><strong>CLAUDIA COSTRUZIONI srl<\/strong><br>Via Boccaccio, 27<br>Grottammare (AP), Italien<\/p>\n\n\n\n<p><strong>E-Mail Adresse des Inhabers:<\/strong>&nbsp;info@costazzurraresidence.it<\/p>\n\n\n\n<h2 class=\"wp-block-heading\" id=\"types_of_data\">Arten von gesammelten Daten<\/h2>\n\n\n\n<p>Zu den personenbezogenen Daten, die von dieser Anwendung entweder selbst oder \u00fcber Dritte erhoben werden, geh\u00f6ren: Tracking Tool; Nutzungsdaten; Telefonnummer; E-Mail; verschiedene Arten von Daten.<\/p>\n\n\n\n<p>Ausf\u00fchrliche Informationen zu jeder Art von erfassten Daten finden Sie in den entsprechenden Abschnitten dieser Datenschutzrichtlinie oder in speziellen Informationstexten, die vor der Erfassung der Daten angezeigt werden.<\/p>\n\n\n\n<p><br>Personenbezogene Daten k\u00f6nnen vom Nutzer freiwillig zur Verf\u00fcgung gestellt werden oder, im Falle von Nutzerdaten, automatisch w\u00e4hrend der Nutzung dieser Anwendung gesammelt werden.<\/p>\n\n\n\n<p><br>Sofern nicht anders angegeben, sind alle in diesem Antrag verlangten Daten obligatorisch. Weigert sich der Nutzer, diese mitzuteilen, kann es f\u00fcr diese Anwendung unm\u00f6glich sein, den Dienst bereitzustellen. In F\u00e4llen, in denen diese Anwendung bestimmte Daten als fakultativ kennzeichnet, steht es den Nutzern frei, diese Daten nicht mitzuteilen, ohne dass dies Auswirkungen auf die Verf\u00fcgbarkeit des Dienstes oder seinen Betrieb hat.<\/p>\n\n\n\n<p><br>Benutzer, die Zweifel haben, welche Daten obligatorisch sind, werden aufgefordert, sich an den f\u00fcr die Verarbeitung Verantwortlichen zu wenden.<br>Die m\u00f6gliche Verwendung von Cookies - oder anderer Tracking-Tools - durch diese Anwendung oder durch die Eigent\u00fcmer der von dieser Anwendung genutzten Dienste Dritter hat, sofern nicht anders angegeben, den Zweck, den vom Nutzer angeforderten Dienst bereitzustellen, zus\u00e4tzlich zu den in diesem Dokument und in der Cookie-Richtlinie, sofern verf\u00fcgbar, beschriebenen weiteren Zwecken.<\/p>\n\n\n\n<p>Der Nutzer \u00fcbernimmt die Verantwortung f\u00fcr die \u00fcber diese Anwendung erhaltenen, ver\u00f6ffentlichten oder geteilten pers\u00f6nlichen Daten Dritter und garantiert, dass er das Recht hat, diese zu \u00fcbermitteln oder zu verbreiten, wobei er den Eigent\u00fcmer von jeglicher Haftung gegen\u00fcber Dritten befreit.<\/p>\n\n\n\n<h2 class=\"wp-block-heading\" id=\"place_of_processing\">Methode und Ort der Datenverarbeitung<\/h2>\n\n\n\n<h3 class=\"wp-block-heading\">Behandlungsmethoden<\/h3>\n\n\n\n<p>Der f\u00fcr die Verarbeitung Verantwortliche ergreift geeignete Sicherheitsma\u00dfnahmen, um den unbefugten Zugriff auf personenbezogene Daten sowie deren Weitergabe, Ver\u00e4nderung oder Vernichtung zu verhindern.<br>Die Daten werden mit Hilfe von Informatik- und\/oder Telematikinstrumenten verarbeitet, wobei die Organisationsmethoden und die Logik streng an die angegebenen Zwecke gebunden sind. Neben dem f\u00fcr die Verarbeitung Verantwortlichen k\u00f6nnen in einigen F\u00e4llen auch andere an der Organisation dieser Anwendung beteiligte Personen (Verwaltungs-, Vertriebs-, Marketing-, Rechts- und Systemadministratoren) oder externe Personen (z. B. dritte technische Dienstleister, Postkuriere, Hosting-Anbieter, IT-Unternehmen, Kommunikationsagenturen), die gegebenenfalls vom f\u00fcr die Verarbeitung Verantwortlichen als Datenverarbeiter eingesetzt werden, Zugang zu den Daten haben. Die aktualisierte Liste der Datenverarbeiter kann jederzeit bei dem f\u00fcr die Verarbeitung Verantwortlichen angefordert werden.<\/p>\n\n\n\n<h3 class=\"wp-block-heading\">Rechtsgrundlage f\u00fcr die Verarbeitung<\/h3>\n\n\n\n<p>Der f\u00fcr die Verarbeitung Verantwortliche verarbeitet personenbezogene Daten des Nutzers, wenn eine der folgenden Bedingungen erf\u00fcllt ist:<\/p>\n\n\n\n<ul class=\"wp-block-list\">\n<li>der Nutzer hat seine Einwilligung f\u00fcr einen oder mehrere bestimmte Zwecke gegeben; Hinweis: In einigen Rechtsordnungen kann es dem f\u00fcr die Verarbeitung Verantwortlichen gestattet sein, personenbezogene Daten ohne die Einwilligung des Nutzers oder eine der anderen unten aufgef\u00fchrten Rechtsgrundlagen zu verarbeiten, bis der Nutzer einer solchen Verarbeitung widerspricht (\"opts-out\"). Dies gilt jedoch nicht, wenn die Verarbeitung personenbezogener Daten durch europ\u00e4ische Rechtsvorschriften \u00fcber den Schutz personenbezogener Daten geregelt ist;<\/li>\n\n\n\n<li>die Verarbeitung ist f\u00fcr die Erf\u00fcllung eines Vertrags mit dem Nutzer und\/oder die Durchf\u00fchrung vorvertraglicher Ma\u00dfnahmen erforderlich;<\/li>\n\n\n\n<li>die Verarbeitung ist erforderlich, um einer rechtlichen Verpflichtung nachzukommen, der der f\u00fcr die Verarbeitung Verantwortliche unterliegt;<\/li>\n\n\n\n<li>die Verarbeitung ist f\u00fcr die Wahrnehmung einer Aufgabe erforderlich, die im \u00f6ffentlichen Interesse liegt oder in Aus\u00fcbung \u00f6ffentlicher Gewalt erfolgt, die dem f\u00fcr die Verarbeitung Verantwortlichen \u00fcbertragen wurde;<\/li>\n\n\n\n<li>die Verarbeitung ist zur Verfolgung des berechtigten Interesses des f\u00fcr die Verarbeitung Verantwortlichen oder eines Dritten erforderlich.<\/li>\n<\/ul>\n\n\n\n<p>Es besteht jedoch immer die M\u00f6glichkeit, den f\u00fcr die Verarbeitung Verantwortlichen zu bitten, die konkrete Rechtsgrundlage jeder Verarbeitung zu erl\u00e4utern und insbesondere anzugeben, ob die Verarbeitung auf einer gesetzlichen Grundlage beruht, durch einen Vertrag vorgeschrieben oder f\u00fcr den Abschluss eines Vertrags erforderlich ist.<\/p>\n\n\n\n<h3 class=\"wp-block-heading\">Ort<\/h3>\n\n\n\n<p>Die Daten werden in den R\u00e4umlichkeiten des f\u00fcr die Verarbeitung Verantwortlichen sowie an jedem anderen Ort verarbeitet, an dem sich die an der Verarbeitung beteiligten Parteien befinden. F\u00fcr weitere Informationen wenden Sie sich bitte an den f\u00fcr die Verarbeitung Verantwortlichen.<br>Ihre pers\u00f6nlichen Daten k\u00f6nnen in ein anderes Land als das Land, in dem Sie sich befinden, \u00fcbermittelt werden. Weitere Informationen \u00fcber den Ort der Verarbeitung kann der Nutzer dem Abschnitt \u00fcber die Einzelheiten der Verarbeitung personenbezogener Daten entnehmen.<\/p>\n\n\n\n<p>Der Nutzer hat das Recht, Informationen \u00fcber die Rechtsgrundlage f\u00fcr die \u00dcbermittlung von Daten au\u00dferhalb der Europ\u00e4ischen Union oder an eine internationale Organisation, die dem V\u00f6lkerrecht unterliegt oder aus zwei oder mehr L\u00e4ndern besteht, wie z. B. die Vereinten Nationen, sowie \u00fcber die von dem f\u00fcr die Verarbeitung Verantwortlichen getroffenen Sicherheitsma\u00dfnahmen zum Schutz der Daten zu erhalten.<br><br>Der Nutzer kann \u00fcberpr\u00fcfen, ob eine der soeben beschriebenen \u00dcbermittlungen stattgefunden hat, indem er den Abschnitt dieses Dokuments, der sich mit den Einzelheiten der Verarbeitung personenbezogener Daten befasst, liest, oder er kann den f\u00fcr die Verarbeitung Verantwortlichen um Informationen bitten, indem er ihn unter den eingangs angegebenen Kontaktdaten kontaktiert.<\/p>\n\n\n\n<h3 class=\"wp-block-heading\">Konservierungszeitraum<\/h3>\n\n\n\n<p>Die Daten werden so lange verarbeitet und gespeichert, wie es die Zwecke, f\u00fcr die sie erhoben wurden, erfordern.<\/p>\n\n\n\n<p>Deshalb:<\/p>\n\n\n\n<ul class=\"wp-block-list\">\n<li>Personenbezogene Daten, die im Zusammenhang mit der Erf\u00fcllung eines Vertrags zwischen dem f\u00fcr die Verarbeitung Verantwortlichen und dem Nutzer erhoben wurden, werden bis zur Erf\u00fcllung dieses Vertrags gespeichert.<\/li>\n\n\n\n<li>Personenbezogene Daten, die f\u00fcr Zwecke im Zusammenhang mit dem berechtigten Interesse des f\u00fcr die Verarbeitung Verantwortlichen erhoben wurden, werden so lange gespeichert, bis dieses Interesse erf\u00fcllt ist. Der Nutzer kann in den entsprechenden Abschnitten dieses Dokuments oder durch Kontaktaufnahme mit dem f\u00fcr die Verarbeitung Verantwortlichen weitere Informationen \u00fcber das von diesem verfolgte berechtigte Interesse erhalten.<\/li>\n<\/ul>\n\n\n\n<p>Beruht die Verarbeitung auf der Einwilligung des Nutzers, kann der f\u00fcr die Verarbeitung Verantwortliche die personenbezogenen Daten l\u00e4nger aufbewahren, bis die Einwilligung widerrufen wird. Dar\u00fcber hinaus kann der f\u00fcr die Verarbeitung Verantwortliche aufgrund einer gesetzlichen Verpflichtung oder einer beh\u00f6rdlichen Anordnung verpflichtet sein, personenbezogene Daten f\u00fcr einen l\u00e4ngeren Zeitraum aufzubewahren.<br><br>Nach Ablauf der Aufbewahrungsfrist werden die personenbezogenen Daten gel\u00f6scht. Nach Ablauf dieser Frist k\u00f6nnen daher das Recht auf Auskunft, L\u00f6schung, Berichtigung und das Recht auf Daten\u00fcbertragbarkeit nicht mehr ausge\u00fcbt werden.<\/p>\n\n\n\n<h2 class=\"wp-block-heading\" id=\"use_collected_data\">Zwecke der Datenverarbeitung<\/h2>\n\n\n\n<p>Die Daten des Nutzers werden erhoben, um den f\u00fcr die Verarbeitung Verantwortlichen in die Lage zu versetzen, den Dienst bereitzustellen, gesetzliche Verpflichtungen zu erf\u00fcllen, auf Anfragen oder Durchsetzungsma\u00dfnahmen zu reagieren, seine Rechte und Interessen (oder die der Nutzer oder Dritter) zu sch\u00fctzen, b\u00f6swillige oder betr\u00fcgerische Aktivit\u00e4ten aufzudecken sowie f\u00fcr folgende Zwecke: Statistiken, Anzeige von Inhalten von externen Plattformen, Kontaktaufnahme mit dem Nutzer, Hosting und Backend-Infrastruktur sowie Plattform- und Hosting-Dienste.<\/p>\n\n\n\n<p>Ausf\u00fchrliche Informationen \u00fcber die Zwecke der Verarbeitung und die f\u00fcr jeden Zweck verarbeiteten personenbezogenen Daten erh\u00e4lt der Nutzer im Abschnitt \"Einzelheiten zur Verarbeitung personenbezogener Daten\".<\/p>\n\n\n\n<h2 class=\"wp-block-heading\" id=\"data_processing_detailed_info\">Einzelheiten der Verarbeitung personenbezogener Daten<\/h2>\n\n\n\n<p>Personenbezogene Daten werden f\u00fcr die folgenden Zwecke und unter Nutzung der folgenden Dienste erhoben:<\/p>\n\n\n\n<h2 class=\"wp-block-heading\">Kontaktaufnahme mit dem Benutzer<\/h2>\n\n\n\n<h4 class=\"wp-block-heading\">Kontaktformular (diese Anwendung)<\/h4>\n\n\n\n<p>Indem der Nutzer das Kontaktformular mit seinen Daten ausf\u00fcllt, erkl\u00e4rt er sich mit der Verwendung dieser Daten einverstanden, um auf Informationsanfragen, Kostenvoranschl\u00e4ge oder andere in der Kopfzeile des Formulars angegebene Anfragen zu reagieren.<\/p>\n\n\n\n<p>Verarbeitete personenbezogene Daten: E-Mail; Telefonnummer.<\/p>\n\n\n\n<h2 class=\"wp-block-heading\">Plattform- und Hostingdienste<\/h2>\n\n\n\n<p>Diese Dienste sind dazu bestimmt, Schl\u00fcsselkomponenten dieser Anwendung zu hosten und zu betreiben, so dass diese Anwendung von einer einzigen Plattform aus bereitgestellt werden kann. Diese Plattformen stellen dem Eigent\u00fcmer eine breite Palette von Instrumenten zur Verf\u00fcgung, wie z. B. Analysetools, Verwaltung der Benutzerregistrierung, Verwaltung von Kommentaren und Datenbanken, E-Commerce, Zahlungsabwicklung usw. Die Verwendung solcher Instrumente beinhaltet die Erhebung und Verarbeitung personenbezogener Daten.<br>Einige dieser Dienste werden \u00fcber Server betrieben, die sich an verschiedenen Orten befinden, so dass es schwierig ist, den genauen Ort zu bestimmen, an dem die personenbezogenen Daten gespeichert sind.<\/p>\n\n\n\n<h4 class=\"wp-block-heading\">Siteground Hosting <\/h4>\n\n\n\n<p>SiteGround Hosting ist ein Hosting-Service, der von SiteGround Hosting Ltd. angeboten wird.<\/p>\n\n\n\n<p>Verarbeitete personenbezogene Daten: Tracking Tool; Nutzungsdaten; verschiedene Arten von Daten.<\/p>\n\n\n\n<p>Ort der Verarbeitung: Vereinigtes K\u00f6nigreich -\u00a0<a href=\"https:\/\/www.siteground.com\/privacy.htm\" target=\"_blank\" rel=\"noreferrer noopener\">Datenschutzbestimmungen<\/a>.<\/p>\n\n\n\n<h2 class=\"wp-block-heading\">Schutz vor Spam<\/h2>\n\n\n\n<h4 class=\"wp-block-heading\">Google reCAPTCHA<\/h4>\n\n\n\n<p>Google reCAPTCHA ist ein SPAM-Schutzdienst, der von Google Ireland Limited bereitgestellt wird.<\/p>\n\n\n\n<p>Erfasste pers\u00f6nliche Daten: Nutzungsdaten, Tracking-Tools, Antworten auf Fragen, Klicks, Tastendruck-Ereignisse, Bewegungssensor-Ereignisse, Mausbewegungen, Bildlaufposition, Ber\u00fchrungsereignisse<\/p>\n\n\n\n<p>Die Nutzung des reCAPTCHA-Systems unterliegt den&nbsp;<a href=\"https:\/\/www.google.com\/intl\/it\/policies\/privacy\/\">Datenschutzbestimmungen<\/a>&nbsp;und die&nbsp;<a href=\"https:\/\/www.google.com\/intl\/it\/policies\/terms\/\">Benutzungsbedingungen<\/a>&nbsp;von Google.<\/p>\n\n\n\n<h2 class=\"wp-block-heading\">Optimierung und Verteilung des Verkehrs<\/h2>\n\n\n\n<h4 class=\"wp-block-heading\">Hummingbird<\/h4>\n\n\n\n<p>Erfasste personenbezogene Daten: Nutzungsdaten, Tracking-Tools, Ger\u00e4teinformationen<\/p>\n\n\n\n<p>Hummingbird ist ein Verkehrsoptimierungs- und Verteilungsdienst, der von Incsub, LLC angeboten wird.<\/p>\n\n\n\n<h4 class=\"wp-block-heading\">Cloudflare<\/h4>\n\n\n\n<p>Erfasste personenbezogene Daten: Tracking-Tools.<\/p>\n\n\n\n<p>Cloudflare ist ein Dienst zur Optimierung und Verteilung des Datenverkehrs, der von Cloudflare Inc.<br>Die Art und Weise, wie Cloudflare integriert ist, bedeutet, dass es den gesamten Verkehr auf dieser Website filtert, d.h. die Kommunikation zwischen dieser Website und dem Browser des Nutzers, und auch die Sammlung statistischer Daten dar\u00fcber erm\u00f6glicht.<\/p>\n\n\n\n<h2 class=\"wp-block-heading\">Erfassung von Datenschutzpr\u00e4ferenzen<\/h2>\n\n\n\n<h4 class=\"wp-block-heading\">Cookie-L\u00f6sung von iubenda<\/h4>\n\n\n\n<p>Erfasste personenbezogene Daten: Tracking-Tools.<\/p>\n\n\n\n<p>Die iubenda Cookie Solution erm\u00f6glicht es dem f\u00fcr die Verarbeitung Verantwortlichen, die Pr\u00e4ferenzen der Nutzer hinsichtlich der Verarbeitung personenbezogener Daten und insbesondere der Verwendung von Cookies und anderen Tracking-Tools auf dieser Website zu erfassen und zu speichern.<\/p>\n\n\n\n<h2 class=\"wp-block-heading\">Statistik<\/h2>\n\n\n\n<p>Die in diesem Abschnitt enthaltenen Dienste erm\u00f6glichen dem f\u00fcr die Datenverarbeitung Verantwortlichen die \u00dcberwachung und Analyse von Verkehrsdaten und dienen dazu, das Verhalten des Nutzers zu verfolgen.<\/p>\n\n\n\n<h4 class=\"wp-block-heading\">Direkt erfasste Statistiken (diese Anwendung)<\/h4>\n\n\n\n<p>Diese Anwendung verwendet ein internes Statistiksystem, an dem keine Dritten beteiligt sind.<\/p>\n\n\n\n<p>Verarbeitete personenbezogene Daten: Verwendungsdaten; Tracking Tool.<\/p>\n\n\n\n<h4 class=\"wp-block-heading\">Cloudflare Webanalyse<\/h4>\n\n\n\n<p>Erfasste pers\u00f6nliche Daten: Sprache, Nutzungsdaten, Ger\u00e4teinformationen<\/p>\n\n\n\n<p>Cloudflare Web Analytics ist ein von Cloudflare Inc. bereitgestellter anonymisierter Statistikdienst, der es dem f\u00fcr die Datenverarbeitung Verantwortlichen erm\u00f6glicht, Informationen \u00fcber die Nutzung dieser Website durch die Nutzer zu erhalten, ohne dass diese identifiziert werden m\u00fcssen. Weitere Informationen sind erh\u00e4ltlich&nbsp;<a href=\"https:\/\/www.cloudflare.com\/web-analytics\/\">hier<\/a>&nbsp;und in den Datenschutzbestimmungen des Dienstes.<\/p>\n\n\n\n<h4 class=\"wp-block-heading\">Google Analytics mit anonymisierter IP (Google Ireland Limited)<\/h4>\n\n\n\n<p>Google Analytics ist ein Webanalysedienst, der von Google Ireland Limited (\"Google\") bereitgestellt wird. Google verwendet die erfassten personenbezogenen Daten, um die Nutzung dieser Anwendung zu verfolgen und zu untersuchen, Berichte zu erstellen und sie mit anderen von Google entwickelten Diensten zu teilen.<\/p>\n\n\n\n<p><br>Google kann personenbezogene Daten verwenden, um Anzeigen in seinem Werbenetzwerk zu kontextualisieren und zu personalisieren.<\/p>\n\n\n\n<p><br>Diese Google Analytics-Integration anonymisiert Ihre IP-Adresse. Die Anonymisierung erfolgt durch K\u00fcrzung der IP-Adresse von Nutzern innerhalb der Grenzen der Mitgliedsstaaten der Europ\u00e4ischen Union oder anderer L\u00e4nder, die dem Abkommen \u00fcber den Europ\u00e4ischen Wirtschaftsraum angeh\u00f6ren. Nur in Ausnahmef\u00e4llen wird die IP-Adresse an die Server von Google \u00fcbertragen und innerhalb der USA gek\u00fcrzt.<\/p>\n\n\n\n<p>Verarbeitete personenbezogene Daten: Verwendungsdaten; Tracking Tool.<\/p>\n\n\n\n<p>Ort der Verarbeitung: Irland -&nbsp;<a href=\"https:\/\/policies.google.com\/privacy\" target=\"_blank\" rel=\"noreferrer noopener\">Datenschutzbestimmungen<\/a>&nbsp;-&nbsp;<a href=\"https:\/\/tools.google.com\/dlpage\/gaoptout?hl=en\" target=\"_blank\" rel=\"noreferrer noopener\">Abmelden<\/a>.<\/p>\n\n\n\n<h2 class=\"wp-block-heading\">Verwaltung der Benutzerdatenbank<\/h2>\n\n\n\n<p>Diese Art von Dienst erm\u00f6glicht es dem f\u00fcr die Datenverarbeitung Verantwortlichen, aus einer E-Mail-Adresse, einem pers\u00f6nlichen Namen oder anderen Informationen, die der Nutzer auf dieser Website angibt, Nutzerprofile zu erstellen und die Aktivit\u00e4ten des Nutzers mit Hilfe von Analysefunktionen zu verfolgen. Diese personenbezogenen Daten k\u00f6nnen auch mit \u00f6ffentlich zug\u00e4nglichen Informationen \u00fcber den Nutzer (z. B. Profile in sozialen Netzwerken) kombiniert und zur Erstellung privater Profile verwendet werden, die der f\u00fcr die Datenverarbeitung Verantwortliche einsehen und zur Verbesserung dieser Website nutzen kann.<\/p>\n\n\n\n<h4 class=\"wp-block-heading\">Scidoo (Webcoom s.r.l)<\/h4>\n\n\n\n<p>Scidoo ist ein Cloud-Verwaltungsdienst f\u00fcr Hotels, mit dem einzelne Nutzer, Bereiche und Abteilungen des Hotels verwaltet werden k\u00f6nnen.<\/p>\n\n\n\n<p>Verarbeitete personenbezogene Daten: Vorname, Nachname, E-Mail, Familienmitglieder, Nutzungsdaten; verschiedene Arten von Daten, wie in der Datenschutzrichtlinie des Dienstes angegeben.<\/p>\n\n\n\n<p>Ort der Verarbeitung: Italien -&nbsp;<a href=\"https:\/\/www.scidoo.com\/sito_scidoo\/privacy2.php\" target=\"_blank\" rel=\"noreferrer noopener\">Datenschutzbestimmungen<\/a>.<\/p>\n\n\n\n<h2 class=\"wp-block-heading\">Anzeige von Inhalten von externen Plattformen<\/h2>\n\n\n\n<p>Diese Art von Dienst erm\u00f6glicht es, Inhalte, die auf externen Plattformen gehostet werden, direkt auf den Seiten dieser Anwendung anzuzeigen und mit ihnen zu interagieren.<br>Diese Art von Diensten kann weiterhin Daten \u00fcber den Internetverkehr im Zusammenhang mit den Seiten, auf denen der Dienst installiert ist, sammeln, auch wenn die Nutzer ihn nicht nutzen.<\/p>\n\n\n\n<h4 class=\"wp-block-heading\">Google-Schriftarten (Google Ireland Limited)<\/h4>\n\n\n\n<p>Google Fonts ist ein von Google Ireland Limited betriebener Dienst zur Anzeige von Schriftarten, der es dieser Anwendung erm\u00f6glicht, solche Inhalte in ihre Seiten zu integrieren.<\/p>\n\n\n\n<p>Verarbeitete personenbezogene Daten: Nutzungsdaten; verschiedene Arten von Daten, wie in der Datenschutzrichtlinie des Dienstes angegeben.<\/p>\n\n\n\n<p>Ort der Verarbeitung: Irland -&nbsp;<a href=\"https:\/\/policies.google.com\/privacy\" target=\"_blank\" rel=\"noreferrer noopener\">Datenschutzbestimmungen<\/a>.<\/p>\n\n\n\n<h4 class=\"wp-block-heading\">Font Awesome (Fonticons, Inc. )<\/h4>\n\n\n\n<p>Font Awesome ist ein von Fonticons, Inc. betriebener Dienst zur Anzeige von Schriftstilen, der es dieser Anwendung erm\u00f6glicht, solche Inhalte in ihre Seiten zu integrieren.<\/p>\n\n\n\n<p>Verarbeitete personenbezogene Daten: Verwendungsdaten.<\/p>\n\n\n\n<p>Ort der Verarbeitung: Vereinigte Staaten -&nbsp;<a href=\"https:\/\/fontawesome.com\/privacy\" target=\"_blank\" rel=\"noreferrer noopener\">Datenschutzbestimmungen<\/a>.<\/p>\n\n\n\n<h4 class=\"wp-block-heading\">YouTube Video Widget (Google Ireland Limited)<\/h4>\n\n\n\n<p>YouTube ist ein von Google Ireland Limited betriebener Dienst zur Anzeige von Videoinhalten, der es dieser Anwendung erm\u00f6glicht, solche Inhalte in ihre Seiten einzubetten.<\/p>\n\n\n\n<p>Verarbeitete personenbezogene Daten: Verwendungsdaten; Tracking Tool.<\/p>\n\n\n\n<p>Ort der Verarbeitung: Irland -&nbsp;<a href=\"https:\/\/policies.google.com\/privacy\" target=\"_blank\" rel=\"noreferrer noopener\">Datenschutzbestimmungen<\/a>.<\/p>\n\n\n\n<h4 class=\"wp-block-heading\">YouTube-Daten-API (Google Ireland Limited)<\/h4>\n\n\n\n<p>Die YouTube-Daten-API ist ein von Google Ireland Limited betriebener Dienst zur Anzeige von Videoinhalten, der es dieser Anwendung erm\u00f6glicht, Funktionen zu integrieren, die normalerweise auf YouTube ausgef\u00fchrt werden, so dass Nutzer YouTube-Inhalte direkt innerhalb dieser Anwendung ansehen, suchen und verwalten k\u00f6nnen.<\/p>\n\n\n\n<p>Durch diesen Dienst kann diese Anwendung direkt oder indirekt Daten auf oder von den Ger\u00e4ten des Nutzers sammeln, auch durch den Einsatz von Tracking-Tools. Die Nutzer k\u00f6nnen den Zugriff auf ihre Daten \u00fcber die&nbsp;<a href=\"https:\/\/security.google.com\/settings\/security\/permissions\" target=\"_blank\" rel=\"noreferrer noopener\">Seite mit sicherheitsrelevanten Einstellungen<\/a>&nbsp;bereitgestellt von Google. Die Nutzer k\u00f6nnen sich jederzeit an den f\u00fcr die Verarbeitung Verantwortlichen wenden, um \u00fcber die in diesem Dokument angegebenen Kontaktdaten weitere Informationen zu den Datenschutzeinstellungen anzufordern.<\/p>\n\n\n\n<p>Die \u00fcber den Dienst gesammelten Daten k\u00f6nnen auch verwendet werden, um Dritten zu helfen, personalisierte Werbung auf der Grundlage von Interessen anzuzeigen. Die Nutzer k\u00f6nnen den Erhalt solcher personalisierter Werbung \u00fcber ihre Ger\u00e4teeinstellungen oder durch den Besuch der&nbsp;<a href=\"http:\/\/optout.networkadvertising.org\/?c=1\" target=\"_blank\" rel=\"noreferrer noopener\">Opt-out-Seite der Netzwerkwerbeinitiative<\/a>.<\/p>\n\n\n\n<p>Verarbeitete personenbezogene Daten: Daten, die f\u00fcr die Nutzung des Dienstes \u00fcbermittelt werden.<\/p>\n\n\n\n<p>Ort der Verarbeitung: Irland -&nbsp;<a href=\"http:\/\/www.google.com\/policies\/privacy\" target=\"_blank\" rel=\"noreferrer noopener\">Datenschutzbestimmungen<\/a>&nbsp;-&nbsp;<a href=\"https:\/\/security.google.com\/settings\/security\/permissions\" target=\"_blank\" rel=\"noreferrer noopener\">Abmelden<\/a>.<\/p>\n\n\n\n<h4 class=\"wp-block-heading\">YouTube IFrame Player (Google Ireland Limited)<\/h4>\n\n\n\n<p>Der YouTube IFrame Player ist ein von Google Ireland Limited betriebener Dienst zur Anzeige von Videoinhalten, der es dieser Anwendung erm\u00f6glicht, solche Inhalte in ihre Seiten einzubetten.<\/p>\n\n\n\n<p>Durch diesen Dienst kann diese Anwendung direkt oder indirekt Daten auf oder von den Ger\u00e4ten des Nutzers sammeln, auch durch den Einsatz von Tracking-Tools. Die Nutzer k\u00f6nnen den Zugriff auf ihre Daten \u00fcber die&nbsp;<a href=\"https:\/\/security.google.com\/settings\/security\/permissions\" target=\"_blank\" rel=\"noreferrer noopener\">Seite mit sicherheitsrelevanten Einstellungen<\/a>&nbsp;bereitgestellt von Google. Die Nutzer k\u00f6nnen sich jederzeit an den f\u00fcr die Verarbeitung Verantwortlichen wenden, um \u00fcber die in diesem Dokument angegebenen Kontaktdaten weitere Informationen zu den Datenschutzeinstellungen anzufordern.<\/p>\n\n\n\n<p>Die \u00fcber den Dienst gesammelten Daten k\u00f6nnen auch verwendet werden, um Dritten zu helfen, personalisierte Werbung auf der Grundlage von Interessen anzuzeigen. Die Nutzer k\u00f6nnen den Erhalt solcher personalisierter Werbung \u00fcber ihre Ger\u00e4teeinstellungen oder durch den Besuch der&nbsp;<a href=\"http:\/\/optout.networkadvertising.org\/?c=1\" target=\"_blank\" rel=\"noreferrer noopener\">Opt-out-Seite der Netzwerkwerbeinitiative<\/a>.<\/p>\n\n\n\n<p>Verarbeitete personenbezogene Daten: Daten, die f\u00fcr die Nutzung des Dienstes \u00fcbermittelt werden.<\/p>\n\n\n\n<p>Ort der Verarbeitung: Irland -&nbsp;<a href=\"http:\/\/www.google.com\/policies\/privacy\" target=\"_blank\" rel=\"noreferrer noopener\">Datenschutzbestimmungen<\/a>&nbsp;-&nbsp;<a href=\"https:\/\/security.google.com\/settings\/security\/permissions\" target=\"_blank\" rel=\"noreferrer noopener\">Abmelden<\/a>.<\/p>\n\n\n\n<h2 class=\"wp-block-heading\" id=\"rights_subjects\">Benutzerrechte<\/h2>\n\n\n\n<p>Die Nutzer k\u00f6nnen bestimmte Rechte in Bezug auf die von dem f\u00fcr die Verarbeitung Verantwortlichen verarbeiteten Daten aus\u00fcben.<\/p>\n\n\n\n<p>Der Nutzer hat insbesondere das Recht auf:<\/p>\n\n\n\n<ul class=\"wp-block-list\">\n<li><strong>die Zustimmung jederzeit widerrufen.<\/strong>&nbsp;Der Nutzer kann seine zuvor erteilte Zustimmung zur Verarbeitung seiner personenbezogenen Daten widerrufen.<\/li>\n\n\n\n<li><strong>gegen die Verarbeitung ihrer Daten Widerspruch einlegen.<\/strong>&nbsp;Der Nutzer kann der Verarbeitung seiner Daten widersprechen, wenn diese auf einer anderen Rechtsgrundlage als der Einwilligung erfolgt. Weitere Einzelheiten zum Widerspruchsrecht finden Sie im folgenden Abschnitt.<\/li>\n\n\n\n<li><strong>Zugang zu ihren Daten.<\/strong>&nbsp;Der Nutzer hat das Recht, Informationen \u00fcber die von dem f\u00fcr die Verarbeitung Verantwortlichen verarbeiteten Daten sowie \u00fcber bestimmte Aspekte der Verarbeitung zu erhalten und eine Kopie der verarbeiteten Daten zu bekommen.<\/li>\n\n\n\n<li><strong>zu \u00fcberpr\u00fcfen und eine Berichtigung zu verlangen.<\/strong>&nbsp;Der Nutzer kann die Richtigkeit seiner Daten \u00fcberpr\u00fcfen und deren Aktualisierung oder Berichtigung verlangen.<\/li>\n\n\n\n<li><strong>eine Einschr\u00e4nkung der Verarbeitung zu erwirken.<\/strong>&nbsp;Wenn bestimmte Bedingungen erf\u00fcllt sind, kann der Nutzer die Einschr\u00e4nkung der Verarbeitung seiner Daten verlangen. In diesem Fall wird der f\u00fcr die Verarbeitung Verantwortliche die Daten nicht zu anderen Zwecken als zu ihrer Speicherung verarbeiten.<\/li>\n\n\n\n<li><strong>die L\u00f6schung oder Entfernung ihrer personenbezogenen Daten zu erwirken.<\/strong>&nbsp;Wenn bestimmte Bedingungen erf\u00fcllt sind, kann der Nutzer die L\u00f6schung seiner Daten durch den f\u00fcr die Verarbeitung Verantwortlichen verlangen.<\/li>\n\n\n\n<li><strong>ihre Daten zu erhalten oder sie an einen anderen f\u00fcr die Datenverarbeitung Verantwortlichen zu \u00fcbermitteln.<\/strong>&nbsp;Der Nutzer hat das Recht, seine Daten in einem strukturierten, g\u00e4ngigen und maschinenlesbaren Format zu erhalten und sie, soweit technisch m\u00f6glich, ungehindert an einen anderen f\u00fcr die Verarbeitung Verantwortlichen \u00fcbermitteln zu lassen. Diese Bestimmung ist anwendbar, wenn die Daten mit automatisierten Mitteln verarbeitet werden und die Verarbeitung auf der Einwilligung des Nutzers, auf einem Vertrag, dessen Vertragspartei der Nutzer ist, oder auf damit verbundenen vertraglichen Ma\u00dfnahmen beruht.<\/li>\n\n\n\n<li><strong>eine Beschwerde einreichen.<\/strong>&nbsp;Der Nutzer kann bei der zust\u00e4ndigen Datenschutzaufsichtsbeh\u00f6rde Beschwerde einlegen oder den Rechtsweg beschreiten.<\/li>\n<\/ul>\n\n\n\n<h3 class=\"wp-block-heading\">Einzelheiten zum Widerspruchsrecht<\/h3>\n\n\n\n<p>Werden personenbezogene Daten im \u00f6ffentlichen Interesse, in Aus\u00fcbung \u00f6ffentlicher Gewalt, die dem f\u00fcr die Verarbeitung Verantwortlichen \u00fcbertragen wurde, oder in Verfolgung eines berechtigten Interesses des f\u00fcr die Verarbeitung Verantwortlichen verarbeitet, haben die Nutzer das Recht, aus Gr\u00fcnden, die sich aus ihrer besonderen Situation ergeben, Widerspruch gegen die Verarbeitung einzulegen.<\/p>\n\n\n\n<p>Die Nutzer werden darauf hingewiesen, dass sie im Falle der Verarbeitung ihrer Daten zu Zwecken des Direktmarketings der Verarbeitung ohne Angabe von Gr\u00fcnden widersprechen k\u00f6nnen. Um herauszufinden, ob der f\u00fcr die Verarbeitung Verantwortliche Daten zu Zwecken des Direktmarketings verarbeitet, k\u00f6nnen sich die Nutzer auf die entsprechenden Abschnitte dieses Dokuments beziehen.<\/p>\n\n\n\n<h3 class=\"wp-block-heading\">Wie man Rechte wahrnimmt<\/h3>\n\n\n\n<p>Um ihre Rechte auszu\u00fcben, k\u00f6nnen die Nutzer eine Anfrage an die in diesem Dokument angegebenen Kontaktdaten des f\u00fcr die Verarbeitung Verantwortlichen richten. Die Antr\u00e4ge werden kostenlos gestellt und von dem f\u00fcr die Verarbeitung Verantwortlichen so schnell wie m\u00f6glich, in jedem Fall aber innerhalb eines Monats, bearbeitet.<\/p>\n\n\n\n<h2 class=\"wp-block-heading\" id=\"further_data_processing_info\">Weitere Informationen zur Behandlung<\/h2>\n\n\n\n<h3 class=\"wp-block-heading\">Verteidigung vor Gericht<\/h3>\n\n\n\n<p>Die personenbezogenen Daten des Nutzers k\u00f6nnen von dem f\u00fcr die Verarbeitung Verantwortlichen in Gerichtsverfahren oder in der Vorbereitungsphase zu deren eventueller Einleitung zur Abwehr von Missbr\u00e4uchen bei der Nutzung dieser Anwendung oder der damit verbundenen Dienste durch den Nutzer verwendet werden.<br>Der Nutzer erkl\u00e4rt, dass ihm bekannt ist, dass der f\u00fcr die Datenverarbeitung Verantwortliche verpflichtet sein kann, die Daten auf Anordnung von Beh\u00f6rden weiterzugeben.<\/p>\n\n\n\n<h3 class=\"wp-block-heading\">Spezifische Informationen<\/h3>\n\n\n\n<p>Auf Anfrage des Nutzers kann diese Anwendung dem Nutzer zus\u00e4tzlich zu den in dieser Datenschutzerkl\u00e4rung enthaltenen Informationen zus\u00e4tzliche und kontextbezogene Informationen \u00fcber bestimmte Dienste oder die Erhebung und Verarbeitung personenbezogener Daten zur Verf\u00fcgung stellen.<\/p>\n\n\n\n<h3 class=\"wp-block-heading\">Systemprotokolle und Wartung<\/h3>\n\n\n\n<p>Zu Betriebs- und Wartungszwecken k\u00f6nnen diese Anwendung und die von ihr genutzten Dienste Dritter Systemprotokolle sammeln, d. h. Dateien, die Interaktionen aufzeichnen und die auch personenbezogene Daten, wie die IP-Adresse des Nutzers, enthalten k\u00f6nnen.<\/p>\n\n\n\n<h3 class=\"wp-block-heading\">Informationen, die nicht in dieser Politik enthalten sind<\/h3>\n\n\n\n<p>Weitere Informationen im Zusammenhang mit der Verarbeitung personenbezogener Daten k\u00f6nnen jederzeit bei dem f\u00fcr die Verarbeitung Verantwortlichen unter den angegebenen Kontaktdaten angefordert werden.<\/p>\n\n\n\n<h3 class=\"wp-block-heading\">Reagieren auf \"Do Not Track\"-Anfragen<\/h3>\n\n\n\n<p>Diese Anwendung unterst\u00fctzt keine \"Do Not Track\"-Anfragen.<br>Um herauszufinden, ob die verwendeten Dienste Dritter diese unterst\u00fctzen, wird der Nutzer gebeten, die jeweiligen Datenschutzrichtlinien zu konsultieren.<\/p>\n\n\n\n<h3 class=\"wp-block-heading\">\u00c4nderungen an dieser Datenschutzrichtlinie<\/h3>\n\n\n\n<p>Der f\u00fcr die Verarbeitung Verantwortliche beh\u00e4lt sich das Recht vor, diese Datenschutzerkl\u00e4rung jederzeit zu \u00e4ndern, indem er die Nutzer auf dieser Seite und, wenn m\u00f6glich, auf dieser Anwendung benachrichtigt, sowie, wenn technisch und rechtlich m\u00f6glich, indem er den Nutzern eine Benachrichtigung \u00fcber eine der ihm zur Verf\u00fcgung stehenden Kontaktangaben schickt. Bitte konsultieren Sie diese Seite daher regelm\u00e4\u00dfig und achten Sie auf das Datum der letzten \u00c4nderung, das am Ende der Seite angegeben ist.<br><br>Wenn sich die \u00c4nderungen auf eine Verarbeitung auswirken, deren Rechtsgrundlage die Einwilligung ist, holt der f\u00fcr die Verarbeitung Verantwortliche erforderlichenfalls erneut die Einwilligung des Nutzers ein.<\/p>\n\n\n\n<h3 class=\"wp-block-heading\" id=\"definitions_and_legal_references\">Definitionen und rechtliche Hinweise<\/h3>\n\n\n\n<h4 class=\"wp-block-heading\">Personenbezogene Daten (oder Daten)<\/h4>\n\n\n\n<p>Personenbezogene Daten sind alle Informationen, die direkt oder indirekt, auch in Verbindung mit anderen Informationen, einschlie\u00dflich einer pers\u00f6nlichen Identifikationsnummer, eine nat\u00fcrliche Person identifizierbar oder identifizierbar machen.<\/p>\n\n\n\n<h4 class=\"wp-block-heading\">Verwendungsdaten<\/h4>\n\n\n\n<p>Dabei handelt es sich um Informationen, die automatisch \u00fcber diese Anwendung (einschlie\u00dflich der in diese Anwendung integrierten Anwendungen Dritter) erfasst werden, darunter: IP-Adressen oder Dom\u00e4nennamen der Computer, die vom Nutzer verwendet werden, der eine Verbindung zu dieser Anwendung herstellt, URI (Uniform Resource Identifier)-Notationsadressen, die Uhrzeit der Anfrage, die zur Weiterleitung der Anfrage an den Server verwendete Methode, die Gr\u00f6\u00dfe der als Antwort erhaltenen Datei, der Zahlencode, der den Status der Serverantwort angibt (erfolgreich, Fehler usw.), das Herkunftsland, die Merkmale des vom Besucher verwendeten Browsers und Betriebssystems, die verschiedenen zeitlichen Konnotationen des Besuchs (z. B. die auf jeder Seite verbrachte Zeit) und die Einzelheiten der vom Nutzer verfolgten Reiseroute.), das Herkunftsland, die Merkmale des vom Besucher verwendeten Browsers und Betriebssystems, die verschiedenen zeitlichen Aspekte des Besuchs (z. B. die Dauer des Aufenthalts auf den einzelnen Seiten) und die Einzelheiten des in der Anwendung zur\u00fcckgelegten Weges, insbesondere die Reihenfolge der aufgerufenen Seiten, die Parameter des Betriebssystems und die IT-Umgebung des Nutzers.<\/p>\n\n\n\n<h4 class=\"wp-block-heading\">Benutzer<\/h4>\n\n\n\n<p>Die Person, die diese Anwendung nutzt und die, sofern nicht anders angegeben, die betroffene Person ist.<\/p>\n\n\n\n<h4 class=\"wp-block-heading\">Interessiert<\/h4>\n\n\n\n<p>Die nat\u00fcrliche Person, auf die sich die personenbezogenen Daten beziehen.<\/p>\n\n\n\n<h4 class=\"wp-block-heading\">Bearbeiter (oder Manager)<\/h4>\n\n\n\n<p>Die nat\u00fcrliche Person, die juristische Person, die \u00f6ffentliche Verwaltung und jede andere Stelle, die personenbezogene Daten im Auftrag des f\u00fcr die Verarbeitung Verantwortlichen verarbeitet, wie in dieser Datenschutzrichtlinie dargelegt.<\/p>\n\n\n\n<h4 class=\"wp-block-heading\">Datenverantwortlicher (oder Eigent\u00fcmer)<\/h4>\n\n\n\n<p>Die nat\u00fcrliche oder juristische Person, Beh\u00f6rde, Dienststelle oder sonstige Einrichtung, die allein oder gemeinsam mit anderen \u00fcber die Zwecke und Mittel der Verarbeitung personenbezogener Daten sowie \u00fcber die eingesetzten Instrumente, einschlie\u00dflich der Sicherheitsma\u00dfnahmen im Zusammenhang mit dem Betrieb und der Nutzung dieser Anwendung, entscheidet. Der f\u00fcr die Datenverarbeitung Verantwortliche ist, sofern nicht anders angegeben, der Eigent\u00fcmer dieser Anwendung.<\/p>\n\n\n\n<h4 class=\"wp-block-heading\">Diese Anwendung<\/h4>\n\n\n\n<p>Das Hardware- oder Softwaretool, mit dem die personenbezogenen Daten der Nutzer gesammelt und verarbeitet werden.<\/p>\n\n\n\n<h4 class=\"wp-block-heading\">Dienst<\/h4>\n\n\n\n<p>Der durch diese Anwendung bereitgestellte Dienst, wie in den entsprechenden Bedingungen (falls vorhanden) auf dieser Website\/Anwendung definiert.<\/p>\n\n\n\n<h4 class=\"wp-block-heading\">Europ\u00e4ische Union (oder EU)<\/h4>\n\n\n\n<p>Sofern nicht anders angegeben, ist jede Bezugnahme auf die Europ\u00e4ische Union in diesem Dokument so zu verstehen, dass sie sich auf alle derzeitigen Mitgliedstaaten der Europ\u00e4ischen Union und des Europ\u00e4ischen Wirtschaftsraums erstreckt.<\/p>\n\n\n\n<h4 class=\"wp-block-heading\">Cookies<\/h4>\n\n\n\n<p>Cookies sind Tracking-Tools, die aus kleinen Datenmengen bestehen, die im Browser des Nutzers gespeichert werden.<\/p>\n\n\n\n<h4 class=\"wp-block-heading\">Tracking-Tool<\/h4>\n\n\n\n<p>Tracking-Tool bezeichnet jede Technologie - z. B. Cookies, eindeutige Kennungen, Web-Beacons, eingebettete Skripte, E-Tags und Fingerabdr\u00fccke -, die es erm\u00f6glicht, den Nutzer zu verfolgen, z. B. durch Erfassung oder Speicherung von Informationen auf dem Ger\u00e4t des Nutzers.<\/p>\n\n\n\n<hr class=\"wp-block-separator has-css-opacity\"\/>\n\n\n\n<h4 class=\"wp-block-heading\">Rechtliche Hinweise<\/h4>\n\n\n\n<p>Diese Datenschutzerkl\u00e4rung wurde auf der Grundlage mehrerer gesetzlicher Bestimmungen erstellt, darunter Artikel 13 und 14 der Verordnung (EU) 2016\/679.<\/p>\n\n\n\n<p>Sofern nicht anders angegeben, bezieht sich diese Datenschutzrichtlinie ausschlie\u00dflich auf diese Anwendung.<\/p>\n\n\n\n<p>Letzte \u00c4nderung: 25. Juli 2023<\/p>\n\n\n\n<p><\/p>","protected":false},"excerpt":{"rendered":"<p>Questa Applicazione raccoglie alcuni Dati Personali dei propri Utenti. Questo documento pu\u00f2 essere stampato utilizzando il comando di stampa presente nelle impostazioni di qualsiasi browser. Titolare del Trattamento dei Dati CLAUDIA COSTRUZIONI srlVia Boccaccio, 27Grottammare (AP), Italia Indirizzo email del Titolare:&nbsp;info@costazzurraresidence.it Tipologie di Dati raccolti Fra i Dati Personali raccolti da questa Applicazione, in modo [&hellip;]<\/p>\n","protected":false},"author":1,"featured_media":0,"parent":0,"menu_order":0,"comment_status":"closed","ping_status":"closed","template":"","meta":{"site-sidebar-layout":"default","site-content-layout":"","ast-site-content-layout":"default","site-content-style":"default","site-sidebar-style":"default","ast-global-header-display":"","ast-banner-title-visibility":"","ast-main-header-display":"","ast-hfb-above-header-display":"","ast-hfb-below-header-display":"","ast-hfb-mobile-header-display":"","site-post-title":"","ast-breadcrumbs-content":"","ast-featured-img":"","footer-sml-layout":"","ast-disable-related-posts":"","theme-transparent-header-meta":"","adv-header-id-meta":"","stick-header-meta":"","header-above-stick-meta":"","header-main-stick-meta":"","header-below-stick-meta":"","astra-migrate-meta-layouts":"default","ast-page-background-enabled":"default","ast-page-background-meta":{"desktop":{"background-color":"var(--ast-global-color-4)","background-image":"","background-repeat":"repeat","background-position":"center center","background-size":"auto","background-attachment":"scroll","background-type":"","background-media":"","overlay-type":"","overlay-color":"","overlay-opacity":"","overlay-gradient":""},"tablet":{"background-color":"","background-image":"","background-repeat":"repeat","background-position":"center center","background-size":"auto","background-attachment":"scroll","background-type":"","background-media":"","overlay-type":"","overlay-color":"","overlay-opacity":"","overlay-gradient":""},"mobile":{"background-color":"","background-image":"","background-repeat":"repeat","background-position":"center center","background-size":"auto","background-attachment":"scroll","background-type":"","background-media":"","overlay-type":"","overlay-color":"","overlay-opacity":"","overlay-gradient":""}},"ast-content-background-meta":{"desktop":{"background-color":"var(--ast-global-color-5)","background-image":"","background-repeat":"repeat","background-position":"center center","background-size":"auto","background-attachment":"scroll","background-type":"","background-media":"","overlay-type":"","overlay-color":"","overlay-opacity":"","overlay-gradient":""},"tablet":{"background-color":"var(--ast-global-color-5)","background-image":"","background-repeat":"repeat","background-position":"center center","background-size":"auto","background-attachment":"scroll","background-type":"","background-media":"","overlay-type":"","overlay-color":"","overlay-opacity":"","overlay-gradient":""},"mobile":{"background-color":"var(--ast-global-color-5)","background-image":"","background-repeat":"repeat","background-position":"center center","background-size":"auto","background-attachment":"scroll","background-type":"","background-media":"","overlay-type":"","overlay-color":"","overlay-opacity":"","overlay-gradient":""}},"footnotes":""},"class_list":["post-145","page","type-page","status-publish","hentry"],"_links":{"self":[{"href":"https:\/\/www.costazzurraresidence.it\/de\/wp-json\/wp\/v2\/pages\/145","targetHints":{"allow":["GET"]}}],"collection":[{"href":"https:\/\/www.costazzurraresidence.it\/de\/wp-json\/wp\/v2\/pages"}],"about":[{"href":"https:\/\/www.costazzurraresidence.it\/de\/wp-json\/wp\/v2\/types\/page"}],"author":[{"embeddable":true,"href":"https:\/\/www.costazzurraresidence.it\/de\/wp-json\/wp\/v2\/users\/1"}],"replies":[{"embeddable":true,"href":"https:\/\/www.costazzurraresidence.it\/de\/wp-json\/wp\/v2\/comments?post=145"}],"version-history":[{"count":1,"href":"https:\/\/www.costazzurraresidence.it\/de\/wp-json\/wp\/v2\/pages\/145\/revisions"}],"predecessor-version":[{"id":10193,"href":"https:\/\/www.costazzurraresidence.it\/de\/wp-json\/wp\/v2\/pages\/145\/revisions\/10193"}],"wp:attachment":[{"href":"https:\/\/www.costazzurraresidence.it\/de\/wp-json\/wp\/v2\/media?parent=145"}],"curies":[{"name":"wp","href":"https:\/\/api.w.org\/{rel}","templated":true}]}}